{"id":136,"date":"2023-05-09T21:39:20","date_gmt":"2023-05-09T19:39:20","guid":{"rendered":"https:\/\/siaghum.fr\/?page_id=136"},"modified":"2025-08-08T13:08:57","modified_gmt":"2025-08-08T11:08:57","slug":"nos-prestations","status":"publish","type":"page","link":"https:\/\/lesattelagesdupilat.com\/index.php\/nos-prestations\/","title":{"rendered":"Balades en cal\u00e8ches"},"content":{"rendered":"\n<h2 class=\"wp-block-heading has-large-font-size\"><font style=\"vertical-align: inherit;\"><font style=\"vertical-align: inherit;\">Profitez du Pilat lors d&#8217;une balade en cal\u00e8che !<\/font><\/font><\/h2>\n\n\n\n<div style=\"height:50px\" aria-hidden=\"true\" class=\"wp-block-spacer\"><\/div>\n\n\n\n<div class=\"wp-block-columns is-layout-flex wp-container-core-columns-is-layout-9d6595d7 wp-block-columns-is-layout-flex\">\n<div class=\"wp-block-column is-vertically-aligned-center is-layout-flow wp-block-column-is-layout-flow\" style=\"flex-basis:33.33%\">\n<p class=\"has-text-align-left\">Nous mettons \u00e0 votre disposition des attelages confortables pour une exp\u00e9rience de balade en cal\u00e8che agr\u00e9able et convivial. <\/p>\n\n\n\n<p class=\"has-text-align-left has-normal-font-size\">Nos attelages sont tir\u00e9s par nos deux comtois, Kali et Kiruna .<\/p>\n<\/div>\n\n\n\n<div class=\"wp-block-column is-layout-flow wp-block-column-is-layout-flow\" style=\"flex-basis:66.66%\">\n<figure class=\"wp-block-image size-large is-resized is-style-default\"><img loading=\"lazy\" decoding=\"async\" width=\"567\" height=\"1024\" src=\"http:\/\/lesattelagesdupilat.com\/wp-content\/uploads\/2023\/05\/IMG_20230509_100439-1-567x1024.jpg\" alt=\"balade \u00e0 cheval, pilat, pilatourisme, pilat tourisme,\nbalade en cal\u00e8ches, balade Loire, balade Rh\u00f4ne, balade Ard\u00e8che, les attelages du pilat, cheval, chevaux, briat cecilia\" class=\"wp-image-66\" style=\"aspect-ratio:0.5538277511961722;width:347px;height:auto\" srcset=\"https:\/\/lesattelagesdupilat.com\/wp-content\/uploads\/2023\/05\/IMG_20230509_100439-1-567x1024.jpg 567w, https:\/\/lesattelagesdupilat.com\/wp-content\/uploads\/2023\/05\/IMG_20230509_100439-1-600x1083.jpg 600w, https:\/\/lesattelagesdupilat.com\/wp-content\/uploads\/2023\/05\/IMG_20230509_100439-1-166x300.jpg 166w, https:\/\/lesattelagesdupilat.com\/wp-content\/uploads\/2023\/05\/IMG_20230509_100439-1-768x1386.jpg 768w, https:\/\/lesattelagesdupilat.com\/wp-content\/uploads\/2023\/05\/IMG_20230509_100439-1-851x1536.jpg 851w, https:\/\/lesattelagesdupilat.com\/wp-content\/uploads\/2023\/05\/IMG_20230509_100439-1.jpg 1080w\" sizes=\"auto, (max-width: 567px) 100vw, 567px\" \/><\/figure>\n<\/div>\n<\/div>\n\n\n\n<div style=\"height:30px\" aria-hidden=\"true\" class=\"wp-block-spacer\"><\/div>\n\n\n\n<hr class=\"wp-block-separator has-alpha-channel-opacity\"\/>\n\n\n\n<h4 class=\"wp-block-heading\"><em>Pr\u00e9sentation des cal\u00e8ches !<\/em><\/h4>\n\n\n\n<div style=\"height:28px\" aria-hidden=\"true\" class=\"wp-block-spacer\"><\/div>\n\n\n\n<hr class=\"wp-block-separator has-alpha-channel-opacity\"\/>\n\n\n\n<div style=\"height:40px\" aria-hidden=\"true\" class=\"wp-block-spacer\"><\/div>\n\n\n\n<div class=\"wp-block-columns alignfull is-layout-flex wp-container-core-columns-is-layout-9d6595d7 wp-block-columns-is-layout-flex\">\n<div class=\"wp-block-column is-vertically-aligned-center is-layout-flow wp-block-column-is-layout-flow\" style=\"flex-basis:33.33%\">\n<p>Pour les groupes jusqu&#8217;\u00e0 6 personnes, notre cal\u00e8che est id\u00e9ale pour des moments de complicit\u00e9 en famille ou entre amis. Sur des sentiers carrossable.<\/p>\n<\/div>\n\n\n\n<div class=\"wp-block-column is-layout-flow wp-block-column-is-layout-flow\" style=\"flex-basis:66.66%\">\n<figure class=\"wp-block-image size-large\"><img loading=\"lazy\" decoding=\"async\" width=\"1024\" height=\"691\" src=\"https:\/\/lesattelagesdupilat.com\/wp-content\/uploads\/2025\/08\/1000010788-1024x691.jpg\" alt=\"\" class=\"wp-image-875\" srcset=\"https:\/\/lesattelagesdupilat.com\/wp-content\/uploads\/2025\/08\/1000010788-1024x691.jpg 1024w, https:\/\/lesattelagesdupilat.com\/wp-content\/uploads\/2025\/08\/1000010788-300x202.jpg 300w, https:\/\/lesattelagesdupilat.com\/wp-content\/uploads\/2025\/08\/1000010788-768x518.jpg 768w, https:\/\/lesattelagesdupilat.com\/wp-content\/uploads\/2025\/08\/1000010788-1536x1036.jpg 1536w, https:\/\/lesattelagesdupilat.com\/wp-content\/uploads\/2025\/08\/1000010788-445x300.jpg 445w, https:\/\/lesattelagesdupilat.com\/wp-content\/uploads\/2025\/08\/1000010788-600x405.jpg 600w, https:\/\/lesattelagesdupilat.com\/wp-content\/uploads\/2025\/08\/1000010788.jpg 1809w\" sizes=\"auto, (max-width: 1024px) 100vw, 1024px\" \/><\/figure>\n<\/div>\n<\/div>\n\n\n\n<div style=\"height:30px\" aria-hidden=\"true\" class=\"wp-block-spacer\"><\/div>\n\n\n\n<hr class=\"wp-block-separator has-alpha-channel-opacity\"\/>\n\n\n\n<div style=\"height:50px\" aria-hidden=\"true\" class=\"wp-block-spacer\"><\/div>\n\n\n\n<div class=\"wp-block-columns alignfull is-layout-flex wp-container-core-columns-is-layout-9d6595d7 wp-block-columns-is-layout-flex\">\n<div class=\"wp-block-column is-layout-flow wp-block-column-is-layout-flow\" style=\"flex-basis:66.66%\">\n<figure class=\"wp-block-image size-large is-resized\"><img loading=\"lazy\" decoding=\"async\" width=\"1000\" height=\"1024\" src=\"http:\/\/lesattelagesdupilat.com\/wp-content\/uploads\/2023\/06\/IMG_20230315_162936-1-1000x1024.jpg\" alt=\"balade \u00e0 cheval, pilat, pilatourisme, pilat tourisme,\nbalade en cal\u00e8ches, balade Loire, balade Rh\u00f4ne, balade Ard\u00e8che, les attelages du pilat, cheval, chevaux, balade anniversaire, avg, avf, balade de groupe, cecilia briat\" class=\"wp-image-303\" style=\"aspect-ratio:0.9781553398058253;width:362px;height:auto\" srcset=\"https:\/\/lesattelagesdupilat.com\/wp-content\/uploads\/2023\/06\/IMG_20230315_162936-1-1000x1024.jpg 1000w, https:\/\/lesattelagesdupilat.com\/wp-content\/uploads\/2023\/06\/IMG_20230315_162936-1-600x615.jpg 600w, https:\/\/lesattelagesdupilat.com\/wp-content\/uploads\/2023\/06\/IMG_20230315_162936-1-293x300.jpg 293w, https:\/\/lesattelagesdupilat.com\/wp-content\/uploads\/2023\/06\/IMG_20230315_162936-1-768x787.jpg 768w, https:\/\/lesattelagesdupilat.com\/wp-content\/uploads\/2023\/06\/IMG_20230315_162936-1-1499x1536.jpg 1499w, https:\/\/lesattelagesdupilat.com\/wp-content\/uploads\/2023\/06\/IMG_20230315_162936-1.jpg 1798w\" sizes=\"auto, (max-width: 1000px) 100vw, 1000px\" \/><\/figure>\n<\/div>\n\n\n\n<div class=\"wp-block-column is-vertically-aligned-center is-layout-flow wp-block-column-is-layout-flow\" style=\"flex-basis:33.33%\">\n<p>Quant \u00e0 notre chariot b\u00e2ch\u00e9e d&#8217;une capacit\u00e9 de 8 \u00e0 10 places, elle vous permettra de partager des moments de convivialit\u00e9 \u00e0 l&#8217;abri du soleil ou de la pluie.<\/p>\n<\/div>\n<\/div>\n\n\n\n<div style=\"height:20px\" aria-hidden=\"true\" class=\"wp-block-spacer\"><\/div>\n\n\n\n<hr class=\"wp-block-separator has-alpha-channel-opacity\"\/>\n\n\n\n<div style=\"height:30px\" aria-hidden=\"true\" class=\"wp-block-spacer\"><\/div>\n\n\n\n<p>Pour les \u00e9v\u00e9nements tels que les anniversaires, les kermesses, les march\u00e9s de No\u00ebl, les mariages et les balades de groupe, nous proposons des formules sur mesure pour r\u00e9pondre \u00e0 vos besoins sp\u00e9cifiques. <\/p>\n\n\n\n<p>Les tarifs sont \u00e9tablis en fonction de diff\u00e9rents crit\u00e8res tels que la dur\u00e9e de la balade, le nombre de personnes ou encore les \u00e9quipements n\u00e9cessaires. <\/p>\n\n\n\n<p><font style=\"vertical-align: inherit;\"><font style=\"vertical-align: inherit;\">N&#8217;h\u00e9sitez pas \u00e0 nous contacter pour discuter de vos projets et recevoir un devis personnalis\u00e9.<\/font><\/font><\/p>\n\n\n\n<p>Nous sommes impatients de vous accueillir \u00e0 bord de nos cal\u00e8ches !<\/p>\n\n\n\n<div style=\"height:50px\" aria-hidden=\"true\" class=\"wp-block-spacer\"><\/div>\n\n\n\n<div class=\"wp-block-buttons is-content-justification-center is-layout-flex wp-container-core-buttons-is-layout-16018d1d wp-block-buttons-is-layout-flex\">\n<div class=\"wp-block-button\"><a class=\"wp-block-button__link wp-element-button\" href=\"https:\/\/lesattelagesdupilat.com\/index.php\/contact\/\">Contactez-nous<\/a><\/div>\n<\/div>\n\n\n\n<div style=\"height:50px\" aria-hidden=\"true\" class=\"wp-block-spacer\"><\/div>\n\n\n\n<figure class=\"wp-block-image size-large is-resized\"><img loading=\"lazy\" decoding=\"async\" width=\"778\" height=\"1024\" src=\"http:\/\/lesattelagesdupilat.com\/wp-content\/uploads\/2023\/06\/IMG_20230607_072806-778x1024.jpg\" alt=\"balade \u00e0 cheval, pilat, pilatourisme, pilat tourisme,\nbalade en cal\u00e8ches, balade Loire, balade Rh\u00f4ne, balade Ard\u00e8che, les attelages du pilat, cheval, chevaux, balade anniversaire, avg, avf, balade de groupe, briat cecilia\" class=\"wp-image-305\" style=\"aspect-ratio:0.7602108036890646;width:429px;height:auto\" srcset=\"https:\/\/lesattelagesdupilat.com\/wp-content\/uploads\/2023\/06\/IMG_20230607_072806-778x1024.jpg 778w, https:\/\/lesattelagesdupilat.com\/wp-content\/uploads\/2023\/06\/IMG_20230607_072806-600x790.jpg 600w, https:\/\/lesattelagesdupilat.com\/wp-content\/uploads\/2023\/06\/IMG_20230607_072806-228x300.jpg 228w, https:\/\/lesattelagesdupilat.com\/wp-content\/uploads\/2023\/06\/IMG_20230607_072806-768x1011.jpg 768w, https:\/\/lesattelagesdupilat.com\/wp-content\/uploads\/2023\/06\/IMG_20230607_072806.jpg 1080w\" sizes=\"auto, (max-width: 778px) 100vw, 778px\" \/><\/figure>\n","protected":false},"excerpt":{"rendered":"<p>Profitez du Pilat lors d&#8217;une balade en cal\u00e8che ! Nous mettons \u00e0 votre disposition des attelages confortables pour une exp\u00e9rience de balade en cal\u00e8che agr\u00e9able &hellip;<\/p>\n","protected":false},"author":1,"featured_media":167,"parent":0,"menu_order":1,"comment_status":"closed","ping_status":"closed","template":"","meta":{"_monsterinsights_skip_tracking":false,"_monsterinsights_sitenote_active":false,"_monsterinsights_sitenote_note":"","_monsterinsights_sitenote_category":0,"footnotes":""},"class_list":["post-136","page","type-page","status-publish","has-post-thumbnail","hentry"],"aioseo_notices":[],"_links":{"self":[{"href":"https:\/\/lesattelagesdupilat.com\/index.php\/wp-json\/wp\/v2\/pages\/136","targetHints":{"allow":["GET"]}}],"collection":[{"href":"https:\/\/lesattelagesdupilat.com\/index.php\/wp-json\/wp\/v2\/pages"}],"about":[{"href":"https:\/\/lesattelagesdupilat.com\/index.php\/wp-json\/wp\/v2\/types\/page"}],"author":[{"embeddable":true,"href":"https:\/\/lesattelagesdupilat.com\/index.php\/wp-json\/wp\/v2\/users\/1"}],"replies":[{"embeddable":true,"href":"https:\/\/lesattelagesdupilat.com\/index.php\/wp-json\/wp\/v2\/comments?post=136"}],"version-history":[{"count":75,"href":"https:\/\/lesattelagesdupilat.com\/index.php\/wp-json\/wp\/v2\/pages\/136\/revisions"}],"predecessor-version":[{"id":934,"href":"https:\/\/lesattelagesdupilat.com\/index.php\/wp-json\/wp\/v2\/pages\/136\/revisions\/934"}],"wp:featuredmedia":[{"embeddable":true,"href":"https:\/\/lesattelagesdupilat.com\/index.php\/wp-json\/wp\/v2\/media\/167"}],"wp:attachment":[{"href":"https:\/\/lesattelagesdupilat.com\/index.php\/wp-json\/wp\/v2\/media?parent=136"}],"curies":[{"name":"wp","href":"https:\/\/api.w.org\/{rel}","templated":true}]}}